{"id":22406,"date":"2026-03-13T02:22:30","date_gmt":"2026-03-13T06:22:30","guid":{"rendered":"https:\/\/musicandbeyond.ca\/?post_type=tribe_events&#038;p=22406"},"modified":"2026-03-18T11:49:11","modified_gmt":"2026-03-18T15:49:11","slug":"quatuor-cobalt","status":"publish","type":"tribe_events","link":"https:\/\/musicandbeyond.ca\/fr\/event\/quatuor-cobalt\/","title":{"rendered":"Mendelssohn Brother and Sister \/ Mendelssohn fr\u00e8re et s\u0153ur"},"content":{"rendered":"<p style=\"text-align: left;\"><strong><em>This event is included with your pass! | Cet \u00e9v\u00e9nement est inclus dans votre passeport !<br \/>\n<\/em><\/strong><a style=\"text-decoration: underline; text-decoration-color: #123f6d;\" href=\"https:\/\/musicandbeyond.ca\/passes\/\" target=\"_blank\" rel=\"noopener\"><strong><em>Click here to purchase your pass! | Cliquez ici pour acheter votre passeport !<\/em><\/strong><\/a><\/p>\n<p>&nbsp;<\/p>\n<p><strong>Mendelssohn Brother and Sister | Mendelssohn fr\u00e8re et s\u0153ur<\/strong><\/p>\n<p style=\"text-align: left;\"><strong style=\"color: #800000; font-family: -apple-system, BlinkMacSystemFont, 'Segoe UI', Roboto, 'Helvetica Neue', Arial, 'Noto Sans', sans-serif, 'Apple Color Emoji', 'Segoe UI Emoji', 'Segoe UI Symbol', 'Noto Color Emoji'; font-size: 16px;\">Sunday, July 12, 2026 at 3:00 pm<\/strong><\/p>\n<p style=\"text-align: left;\"><strong style=\"color: #800000; font-family: -apple-system, BlinkMacSystemFont, 'Segoe UI', Roboto, 'Helvetica Neue', Arial, 'Noto Sans', sans-serif, 'Apple Color Emoji', 'Segoe UI Emoji', 'Segoe UI Symbol', 'Noto Color Emoji'; font-size: 16px;\">Le dimanche 12 juillet 2026 \u00e0 15 h 00<\/strong><\/p>\n<p>&nbsp;<\/p>\n<p style=\"text-align: center;\"><em><strong>The Cobalt Quartet | Quatuor Cobalt<\/strong><\/em><\/p>\n<p style=\"text-align: center;\"><strong>Guillaume Villeneuve<\/strong> &#8211; violin | violon<\/p>\n<p style=\"text-align: center;\"><strong>Diane Bayard<\/strong> &#8211; violin | violon<\/p>\n<p style=\"text-align: center;\"><strong>Cl\u00e9ment Bufferne<\/strong> &#8211; viola | alto<\/p>\n<p style=\"text-align: center;\"><strong>Fran\u00e7ois LeClerc<\/strong> &#8211; cello<\/p>\n<p>&nbsp;<\/p>\n<p style=\"text-align: center;\" data-start=\"637\" data-end=\"646\" data-is-last-node=\"\"><span style=\"color: #800000;\"><strong>Program | Programme<\/strong><\/span><\/p>\n<p style=\"text-align: center;\" data-start=\"637\" data-end=\"646\" data-is-last-node=\"\"><strong>Franz Schubert<\/strong> (1797\u20131828) \u2013 <em data-start=\"182\" data-end=\"196\">Quartettsatz<\/em>, D. 703 (String Quartet No. 12 \/ Quatuor \u00e0 cordes no 12)<\/p>\n<p style=\"text-align: center;\" data-start=\"637\" data-end=\"646\" data-is-last-node=\"\"><strong>F\u00e9lix Mendelssohn<\/strong> (1809\u20131847) \u2013 String Quartet No. 2 in A minor, Op. 13 \/ Quatuor \u00e0 cordes no 2 en la mineur, op.13<\/p>\n<p style=\"text-align: center;\" data-start=\"637\" data-end=\"646\" data-is-last-node=\"\"><strong>Fanny Mendelssohn<\/strong> (1805\u20131847) \u2013 String Quartet in E-flat Major \/ Quatuor \u00e0 cordes en mi b\u00e9mol majeur<\/p>\n<p style=\"text-align: center;\" data-start=\"637\" data-end=\"646\" data-is-last-node=\"\"><strong><br \/>\nThe Cobalt String Quartet<br \/>\n<\/strong><\/p>\n<p style=\"text-align: center;\">The Cobalt Quartet, founded in Montr\u00e9al in 2017, occupies a distinctive place on the Canadian music scene through the coherence of its artistic vision and the scope of its projects. The ensemble is particularly recognized for its interpretations of Romantic repertoire performed on period instruments.<\/p>\n<p style=\"text-align: center;\">Highly active in Montr\u00e9al, the ensemble founded Les ruelles musicales in 2020, a summer concert series that brings chamber music into the heart of Montr\u00e9al\u2019s neighbourhoods. The project has led to several interdisciplinary collaborations, notably with dancer Axelle Munezero and dancer S\u00e9bastien Provencher.<\/p>\n<p style=\"text-align: center;\">Committed to education, the Cobalt Quartet has been teaching chamber music at the CAMMAC Music Centre since 2022. Previously, the ensemble served as collaborating quartet at the Domaine Forget International Academy for four years and as ensemble-in-residence at the Universit\u00e9 de Montr\u00e9al.<\/p>\n<p style=\"text-align: center;\">Guillaume Villeneuve\u2019s 1866 Jean-Baptiste Vuillaume violin and 1955 Arthur Copley (W.E Hill &amp; Sons) bow, Diane Bayard\u2019s 1751 Antonio Gragnani violin and c.1925 Victor F\u00e9tique bow, as well as Fran\u00e7ois Leclerc\u2019s c.1790-1810 Pietro Antonio Cateni cello and Gustav Prager bow are generously loaned by Canimex.<\/p>\n<p>&nbsp;<\/p>\n<p style=\"text-align: center;\"><strong>Quatuor Cobalt<\/strong><\/p>\n<p style=\"text-align: center;\">Fond\u00e9 \u00e0 Montr\u00e9al en 2017, le Quatuor Cobalt occupe aujourd\u2019hui une place singuli\u00e8re sur la sc\u00e8ne canadienne par la coh\u00e9rence de sa vision artistique et l\u2019ampleur de ses projets. L&rsquo;ensemble se d\u00e9marque notamment par son interpr\u00e9tation du r\u00e9pertoire romantique sur instruments d&rsquo;\u00e9poque.<\/p>\n<p style=\"text-align: center;\">Tr\u00e8s actif \u00e0 Montr\u00e9al, l\u2019ensemble a cr\u00e9\u00e9 Les ruelles musicales en 2020, une s\u00e9rie estivale qui ancre la musique de chambre au c\u0153ur de la vie montr\u00e9alaise. Ce projet a donn\u00e9 lieu \u00e0 plusieurs collaborations interdisciplinaires, notamment avec la danseuse Axelle Munezero et le danseur S\u00e9bastien Provencher.<\/p>\n<p style=\"text-align: center;\">Engag\u00e9 dans la transmission, le Quatuor Cobalt enseigne la musique de chambre au Centre musical CAMMAC depuis 2022. Auparavant, Cobalt a \u00e9t\u00e9 quatuor collaborateur \u00e0 l\u2019Acad\u00e9mie internationale du Domaine Forget pendant quatre ans et ensemble en r\u00e9sidence \u00e0 l\u2019Universit\u00e9 de Montr\u00e9al.<\/p>\n<p style=\"text-align: center;\">L\u2019ensemble est soutenu par le Conseil des arts du Canada, le Conseil des arts et des lettres du Qu\u00e9bec, le minist\u00e8re de la Culture et des Communications du Qu\u00e9bec, le Conseil des arts de Montr\u00e9al, les Jeunesses Musicales du Canada et la Fondation P\u00e8re-Lindsay.<\/p>\n<p style=\"text-align: center;\">Le violon Jean-Baptiste Vuillaume 1866 et l\u2019archet Arthur Copley (W.E. Hill &amp; Sons) 1955 de Guillaume Villeneuve, le violon Antonio Gragnani 1751 et l\u2019archet Victor F\u00e9tique v. 1925 de Diane Bayard, de m\u00eame que le violoncelle Pietro Antonio Cateni v. 1790-1810 et l\u2019archet Gustav Prager de Fran\u00e7ois Leclerc sont g\u00e9n\u00e9reusement pr\u00eat\u00e9s par Canimex (Drummondville).<\/p>\n<p>&nbsp;<\/p>\n<p><strong>Church of St. Barnabas<\/strong><\/p>\n<p><em>Air conditioned! | Air climatis\u00e9!<\/em><em>\u00a0<\/em><\/p>\n","protected":false},"excerpt":{"rendered":"<p>This event is included with your pass! | Cet \u00e9v\u00e9nement est inclus dans votre passeport ! Click here to purchase your pass! | Cliquez ici pour acheter votre passeport ! [&hellip;]<\/p>\n","protected":false},"author":5,"featured_media":22455,"template":"","meta":{"_acf_changed":false,"_price":"","_stock":"","_tribe_ticket_header":"","_tribe_default_ticket_provider":"Tribe__Tickets_Plus__Commerce__WooCommerce__Main","_tribe_ticket_capacity":"0","_ticket_start_date":"","_ticket_end_date":"","_tribe_ticket_show_description":"","_tribe_ticket_show_not_going":false,"_tribe_ticket_use_global_stock":"","_tribe_ticket_global_stock_level":"","_global_stock_mode":"","_global_stock_cap":"","_tribe_rsvp_for_event":"","_tribe_ticket_going_count":"","_tribe_ticket_not_going_count":"","_tribe_tickets_list":"[{\"id\":22407,\"type\":\"default\",\"title\":\"Family of 4 | Famille de 4 - Cobalt\",\"description\":\"For families with at least 2 youth 25 and under. | Pour les familles comptant au moins deux jeunes \\u00e2g\\u00e9s de 25 ans ou moins.\",\"capacityType\":\"own\",\"price\":80,\"capacity\":5,\"available\":5,\"sharedCapacity\":5,\"sold\":0,\"shareSold\":0,\"isShared\":false,\"currencyDecimalPoint\":\".\",\"currencyNumberOfDecimals\":2,\"currencyPosition\":\"prefix\",\"currencySymbol\":\"$\",\"currencyThousandsSep\":\",\"},{\"id\":22408,\"type\":\"default\",\"title\":\"Family of 5 | Famille de 5 - Cobalt\",\"description\":\"For families with least 3 youth 25 and under. | Pour les familles comptant au moins trois jeunes \\u00e2g\\u00e9s de 25 ans ou moins.\",\"capacityType\":\"own\",\"price\":100,\"capacity\":5,\"available\":5,\"sharedCapacity\":5,\"sold\":0,\"shareSold\":0,\"isShared\":false,\"currencyDecimalPoint\":\".\",\"currencyNumberOfDecimals\":2,\"currencyPosition\":\"prefix\",\"currencySymbol\":\"$\",\"currencyThousandsSep\":\",\"},{\"id\":22409,\"type\":\"default\",\"title\":\"General | G\\u00e9n\\u00e9rale - Cobalt\",\"description\":\"\",\"capacityType\":\"own\",\"price\":30,\"capacity\":125,\"available\":124,\"sharedCapacity\":125,\"sold\":0,\"shareSold\":0,\"isShared\":false,\"currencyDecimalPoint\":\".\",\"currencyNumberOfDecimals\":2,\"currencyPosition\":\"prefix\",\"currencySymbol\":\"$\",\"currencyThousandsSep\":\",\"},{\"id\":22410,\"type\":\"default\",\"title\":\"Youth | Jeunes - Cobalt\",\"description\":\"Age 25 and under | 25 ans et moins\",\"capacityType\":\"own\",\"price\":20,\"capacity\":20,\"available\":20,\"sharedCapacity\":20,\"sold\":0,\"shareSold\":0,\"isShared\":false,\"currencyDecimalPoint\":\".\",\"currencyNumberOfDecimals\":2,\"currencyPosition\":\"prefix\",\"currencySymbol\":\"$\",\"currencyThousandsSep\":\",\"},{\"id\":22411,\"type\":\"default\",\"title\":\"Reserved Section with Pass | Section r\\u00e9serv\\u00e9e avec passeport - Cobalt\",\"description\":\"\",\"capacityType\":\"own\",\"price\":20,\"capacity\":20,\"available\":20,\"sharedCapacity\":20,\"sold\":0,\"shareSold\":0,\"isShared\":false,\"currencyDecimalPoint\":\".\",\"currencyNumberOfDecimals\":2,\"currencyPosition\":\"prefix\",\"currencySymbol\":\"$\",\"currencyThousandsSep\":\",\"},{\"id\":22412,\"type\":\"default\",\"title\":\"Reserved Section | Section r\\u00e9serv\\u00e9e - Cobalt\",\"description\":\"\",\"capacityType\":\"own\",\"price\":50,\"capacity\":30,\"available\":27,\"sharedCapacity\":30,\"sold\":0,\"shareSold\":0,\"isShared\":false,\"currencyDecimalPoint\":\".\",\"currencyNumberOfDecimals\":2,\"currencyPosition\":\"prefix\",\"currencySymbol\":\"$\",\"currencyThousandsSep\":\",\"}]","_tribe_ticket_has_attendee_info_fields":false,"_tribe_events_status":"","_tribe_events_status_reason":"","_tribe_events_is_hybrid":"","_tribe_events_is_virtual":"","_tribe_events_virtual_video_source":"","_tribe_events_virtual_embed_video":"","_tribe_events_virtual_linked_button_text":"","_tribe_events_virtual_linked_button":"","_tribe_events_virtual_show_embed_at":"","_tribe_events_virtual_show_embed_to":[],"_tribe_events_virtual_show_on_event":"","_tribe_events_virtual_show_on_views":"","_tribe_events_virtual_url":"","footnotes":"","_tec_slr_enabled":"","_tec_slr_layout":""},"tags":[],"tribe_events_cat":[83],"class_list":["post-22406","tribe_events","type-tribe_events","status-publish","has-post-thumbnail","hentry","tribe_events_cat-season-2026","cat_season-2026"],"acf":[],"yoast_head":"<!-- This site is optimized with the Yoast SEO plugin v27.2 - https:\/\/yoast.com\/product\/yoast-seo-wordpress\/ -->\n<title>Mendelssohn Brother and Sister \/ Mendelssohn fr\u00e8re et s\u0153ur | Musique et Autres Mondes<\/title>\n<meta name=\"description\" content=\"Discover Mendelssohn Brother and Sister \/ Mendelssohn fr\u00e8re et s\u0153ur at Music and Beyond. Join us for unique concerts and exclusive musical experiences.\" \/>\n<meta name=\"robots\" content=\"index, follow, max-snippet:-1, max-image-preview:large, max-video-preview:-1\" \/>\n<link rel=\"canonical\" href=\"https:\/\/musicandbeyond.ca\/fr\/event\/quatuor-cobalt\/\" \/>\n<meta property=\"og:locale\" content=\"fr_FR\" \/>\n<meta property=\"og:type\" content=\"article\" \/>\n<meta property=\"og:title\" content=\"Mendelssohn Brother and Sister \/ Mendelssohn fr\u00e8re et s\u0153ur | Musique et Autres Mondes\" \/>\n<meta property=\"og:description\" content=\"Discover Mendelssohn Brother and Sister \/ Mendelssohn fr\u00e8re et s\u0153ur at Music and Beyond. Join us for unique concerts and exclusive musical experiences.\" \/>\n<meta property=\"og:url\" content=\"https:\/\/musicandbeyond.ca\/fr\/event\/quatuor-cobalt\/\" \/>\n<meta property=\"og:site_name\" content=\"Musique et Autres Mondes\" \/>\n<meta property=\"article:publisher\" content=\"https:\/\/www.facebook.com\/musicandbeyond\" \/>\n<meta property=\"article:modified_time\" content=\"2026-03-18T15:49:11+00:00\" \/>\n<meta property=\"og:image\" content=\"https:\/\/musicandbeyond.ca\/wp-content\/uploads\/2026\/03\/Quatuor-Cobalt-1.jpg\" \/>\n\t<meta property=\"og:image:width\" content=\"1100\" \/>\n\t<meta property=\"og:image:height\" content=\"800\" \/>\n\t<meta property=\"og:image:type\" content=\"image\/jpeg\" \/>\n<meta name=\"twitter:card\" content=\"summary_large_image\" \/>\n<meta name=\"twitter:site\" content=\"@musicbeyondott\" \/>\n<meta name=\"twitter:label1\" content=\"Dur\u00e9e de lecture estim\u00e9e\" \/>\n\t<meta name=\"twitter:data1\" content=\"3 minutes\" \/>\n<script type=\"application\/ld+json\" class=\"yoast-schema-graph\">{\"@context\":\"https:\/\/schema.org\",\"@graph\":[{\"@type\":\"WebPage\",\"@id\":\"https:\/\/musicandbeyond.ca\/fr\/event\/quatuor-cobalt\/\",\"url\":\"https:\/\/musicandbeyond.ca\/fr\/event\/quatuor-cobalt\/\",\"name\":\"Mendelssohn Brother and Sister \/ Mendelssohn fr\u00e8re et s\u0153ur | Musique et Autres Mondes\",\"isPartOf\":{\"@id\":\"https:\/\/musicandbeyond.ca\/fr\/#website\"},\"primaryImageOfPage\":{\"@id\":\"https:\/\/musicandbeyond.ca\/fr\/event\/quatuor-cobalt\/#primaryimage\"},\"image\":{\"@id\":\"https:\/\/musicandbeyond.ca\/fr\/event\/quatuor-cobalt\/#primaryimage\"},\"thumbnailUrl\":\"https:\/\/musicandbeyond.ca\/wp-content\/uploads\/2026\/03\/Quatuor-Cobalt-1.jpg\",\"datePublished\":\"2026-03-13T06:22:30+00:00\",\"dateModified\":\"2026-03-18T15:49:11+00:00\",\"description\":\"Discover Mendelssohn Brother and Sister \/ Mendelssohn fr\u00e8re et s\u0153ur at Music and Beyond. Join us for unique concerts and exclusive musical experiences.\",\"breadcrumb\":{\"@id\":\"https:\/\/musicandbeyond.ca\/fr\/event\/quatuor-cobalt\/#breadcrumb\"},\"inLanguage\":\"fr-FR\",\"potentialAction\":[{\"@type\":\"ReadAction\",\"target\":[\"https:\/\/musicandbeyond.ca\/fr\/event\/quatuor-cobalt\/\"]}]},{\"@type\":\"ImageObject\",\"inLanguage\":\"fr-FR\",\"@id\":\"https:\/\/musicandbeyond.ca\/fr\/event\/quatuor-cobalt\/#primaryimage\",\"url\":\"https:\/\/musicandbeyond.ca\/wp-content\/uploads\/2026\/03\/Quatuor-Cobalt-1.jpg\",\"contentUrl\":\"https:\/\/musicandbeyond.ca\/wp-content\/uploads\/2026\/03\/Quatuor-Cobalt-1.jpg\",\"width\":1100,\"height\":800},{\"@type\":\"BreadcrumbList\",\"@id\":\"https:\/\/musicandbeyond.ca\/fr\/event\/quatuor-cobalt\/#breadcrumb\",\"itemListElement\":[{\"@type\":\"ListItem\",\"position\":1,\"name\":\"Home\",\"item\":\"https:\/\/musicandbeyond.ca\/fr\/\"},{\"@type\":\"ListItem\",\"position\":2,\"name\":\"\u00c9v\u00e8nements\",\"item\":\"https:\/\/musicandbeyond.ca\/fr\/events-2025\/\"},{\"@type\":\"ListItem\",\"position\":3,\"name\":\"Mendelssohn Brother and Sister \/ Mendelssohn fr\u00e8re et s\u0153ur\"}]},{\"@type\":\"WebSite\",\"@id\":\"https:\/\/musicandbeyond.ca\/fr\/#website\",\"url\":\"https:\/\/musicandbeyond.ca\/fr\/\",\"name\":\"Music and Beyond\",\"description\":\"4-17 juillet\",\"publisher\":{\"@id\":\"https:\/\/musicandbeyond.ca\/fr\/#organization\"},\"alternateName\":\"M&B\",\"potentialAction\":[{\"@type\":\"SearchAction\",\"target\":{\"@type\":\"EntryPoint\",\"urlTemplate\":\"https:\/\/musicandbeyond.ca\/fr\/?s={search_term_string}\"},\"query-input\":{\"@type\":\"PropertyValueSpecification\",\"valueRequired\":true,\"valueName\":\"search_term_string\"}}],\"inLanguage\":\"fr-FR\"},{\"@type\":\"Organization\",\"@id\":\"https:\/\/musicandbeyond.ca\/fr\/#organization\",\"name\":\"Music and beyond | Musique et Autres Mondes\",\"url\":\"https:\/\/musicandbeyond.ca\/fr\/\",\"logo\":{\"@type\":\"ImageObject\",\"inLanguage\":\"fr-FR\",\"@id\":\"https:\/\/musicandbeyond.ca\/fr\/#\/schema\/logo\/image\/\",\"url\":\"\",\"contentUrl\":\"\",\"caption\":\"Music and beyond | Musique et Autres Mondes\"},\"image\":{\"@id\":\"https:\/\/musicandbeyond.ca\/fr\/#\/schema\/logo\/image\/\"},\"sameAs\":[\"https:\/\/www.facebook.com\/musicandbeyond\",\"https:\/\/x.com\/musicbeyondott\",\"https:\/\/www.instagram.com\/musicbeyondott\/\",\"https:\/\/www.youtube.com\/user\/musicandbeyondvideo\"]}]}<\/script>\n<!-- \/ Yoast SEO plugin. -->","yoast_head_json":{"title":"Mendelssohn Brother and Sister \/ Mendelssohn fr\u00e8re et s\u0153ur | Musique et Autres Mondes","description":"Discover Mendelssohn Brother and Sister \/ Mendelssohn fr\u00e8re et s\u0153ur at Music and Beyond. Join us for unique concerts and exclusive musical experiences.","robots":{"index":"index","follow":"follow","max-snippet":"max-snippet:-1","max-image-preview":"max-image-preview:large","max-video-preview":"max-video-preview:-1"},"canonical":"https:\/\/musicandbeyond.ca\/fr\/event\/quatuor-cobalt\/","og_locale":"fr_FR","og_type":"article","og_title":"Mendelssohn Brother and Sister \/ Mendelssohn fr\u00e8re et s\u0153ur | Musique et Autres Mondes","og_description":"Discover Mendelssohn Brother and Sister \/ Mendelssohn fr\u00e8re et s\u0153ur at Music and Beyond. Join us for unique concerts and exclusive musical experiences.","og_url":"https:\/\/musicandbeyond.ca\/fr\/event\/quatuor-cobalt\/","og_site_name":"Musique et Autres Mondes","article_publisher":"https:\/\/www.facebook.com\/musicandbeyond","article_modified_time":"2026-03-18T15:49:11+00:00","og_image":[{"width":1100,"height":800,"url":"https:\/\/musicandbeyond.ca\/wp-content\/uploads\/2026\/03\/Quatuor-Cobalt-1.jpg","type":"image\/jpeg"}],"twitter_card":"summary_large_image","twitter_site":"@musicbeyondott","twitter_misc":{"Dur\u00e9e de lecture estim\u00e9e":"3 minutes"},"schema":{"@context":"https:\/\/schema.org","@graph":[{"@type":"WebPage","@id":"https:\/\/musicandbeyond.ca\/fr\/event\/quatuor-cobalt\/","url":"https:\/\/musicandbeyond.ca\/fr\/event\/quatuor-cobalt\/","name":"Mendelssohn Brother and Sister \/ Mendelssohn fr\u00e8re et s\u0153ur | Musique et Autres Mondes","isPartOf":{"@id":"https:\/\/musicandbeyond.ca\/fr\/#website"},"primaryImageOfPage":{"@id":"https:\/\/musicandbeyond.ca\/fr\/event\/quatuor-cobalt\/#primaryimage"},"image":{"@id":"https:\/\/musicandbeyond.ca\/fr\/event\/quatuor-cobalt\/#primaryimage"},"thumbnailUrl":"https:\/\/musicandbeyond.ca\/wp-content\/uploads\/2026\/03\/Quatuor-Cobalt-1.jpg","datePublished":"2026-03-13T06:22:30+00:00","dateModified":"2026-03-18T15:49:11+00:00","description":"Discover Mendelssohn Brother and Sister \/ Mendelssohn fr\u00e8re et s\u0153ur at Music and Beyond. Join us for unique concerts and exclusive musical experiences.","breadcrumb":{"@id":"https:\/\/musicandbeyond.ca\/fr\/event\/quatuor-cobalt\/#breadcrumb"},"inLanguage":"fr-FR","potentialAction":[{"@type":"ReadAction","target":["https:\/\/musicandbeyond.ca\/fr\/event\/quatuor-cobalt\/"]}]},{"@type":"ImageObject","inLanguage":"fr-FR","@id":"https:\/\/musicandbeyond.ca\/fr\/event\/quatuor-cobalt\/#primaryimage","url":"https:\/\/musicandbeyond.ca\/wp-content\/uploads\/2026\/03\/Quatuor-Cobalt-1.jpg","contentUrl":"https:\/\/musicandbeyond.ca\/wp-content\/uploads\/2026\/03\/Quatuor-Cobalt-1.jpg","width":1100,"height":800},{"@type":"BreadcrumbList","@id":"https:\/\/musicandbeyond.ca\/fr\/event\/quatuor-cobalt\/#breadcrumb","itemListElement":[{"@type":"ListItem","position":1,"name":"Home","item":"https:\/\/musicandbeyond.ca\/fr\/"},{"@type":"ListItem","position":2,"name":"\u00c9v\u00e8nements","item":"https:\/\/musicandbeyond.ca\/fr\/events-2025\/"},{"@type":"ListItem","position":3,"name":"Mendelssohn Brother and Sister \/ Mendelssohn fr\u00e8re et s\u0153ur"}]},{"@type":"WebSite","@id":"https:\/\/musicandbeyond.ca\/fr\/#website","url":"https:\/\/musicandbeyond.ca\/fr\/","name":"Music and Beyond","description":"4-17 juillet","publisher":{"@id":"https:\/\/musicandbeyond.ca\/fr\/#organization"},"alternateName":"M&B","potentialAction":[{"@type":"SearchAction","target":{"@type":"EntryPoint","urlTemplate":"https:\/\/musicandbeyond.ca\/fr\/?s={search_term_string}"},"query-input":{"@type":"PropertyValueSpecification","valueRequired":true,"valueName":"search_term_string"}}],"inLanguage":"fr-FR"},{"@type":"Organization","@id":"https:\/\/musicandbeyond.ca\/fr\/#organization","name":"Music and beyond | Musique et Autres Mondes","url":"https:\/\/musicandbeyond.ca\/fr\/","logo":{"@type":"ImageObject","inLanguage":"fr-FR","@id":"https:\/\/musicandbeyond.ca\/fr\/#\/schema\/logo\/image\/","url":"","contentUrl":"","caption":"Music and beyond | Musique et Autres Mondes"},"image":{"@id":"https:\/\/musicandbeyond.ca\/fr\/#\/schema\/logo\/image\/"},"sameAs":["https:\/\/www.facebook.com\/musicandbeyond","https:\/\/x.com\/musicbeyondott","https:\/\/www.instagram.com\/musicbeyondott\/","https:\/\/www.youtube.com\/user\/musicandbeyondvideo"]}]}},"ticketed":["woo"],"_links":{"self":[{"href":"https:\/\/musicandbeyond.ca\/fr\/wp-json\/wp\/v2\/tribe_events\/22406","targetHints":{"allow":["GET"]}}],"collection":[{"href":"https:\/\/musicandbeyond.ca\/fr\/wp-json\/wp\/v2\/tribe_events"}],"about":[{"href":"https:\/\/musicandbeyond.ca\/fr\/wp-json\/wp\/v2\/types\/tribe_events"}],"author":[{"embeddable":true,"href":"https:\/\/musicandbeyond.ca\/fr\/wp-json\/wp\/v2\/users\/5"}],"version-history":[{"count":26,"href":"https:\/\/musicandbeyond.ca\/fr\/wp-json\/wp\/v2\/tribe_events\/22406\/revisions"}],"predecessor-version":[{"id":22651,"href":"https:\/\/musicandbeyond.ca\/fr\/wp-json\/wp\/v2\/tribe_events\/22406\/revisions\/22651"}],"wp:featuredmedia":[{"embeddable":true,"href":"https:\/\/musicandbeyond.ca\/fr\/wp-json\/wp\/v2\/media\/22455"}],"wp:attachment":[{"href":"https:\/\/musicandbeyond.ca\/fr\/wp-json\/wp\/v2\/media?parent=22406"}],"wp:term":[{"taxonomy":"post_tag","embeddable":true,"href":"https:\/\/musicandbeyond.ca\/fr\/wp-json\/wp\/v2\/tags?post=22406"},{"taxonomy":"tribe_events_cat","embeddable":true,"href":"https:\/\/musicandbeyond.ca\/fr\/wp-json\/wp\/v2\/tribe_events_cat?post=22406"}],"curies":[{"name":"wp","href":"https:\/\/api.w.org\/{rel}","templated":true}]}}