{"id":21565,"date":"2026-02-13T06:15:30","date_gmt":"2026-02-13T11:15:30","guid":{"rendered":"https:\/\/musicandbeyond.ca\/?post_type=tribe_events&#038;p=21565"},"modified":"2026-03-13T02:22:01","modified_gmt":"2026-03-13T06:22:01","slug":"tome-allen","status":"publish","type":"tribe_events","link":"https:\/\/musicandbeyond.ca\/fr\/event\/tome-allen\/","title":{"rendered":"Brahms in America \/ Brahms en Am\u00e9rique"},"content":{"rendered":"<p style=\"text-align: left;\"><strong><em>This event is included with your pass! | Cet \u00e9v\u00e9nement est inclus dans votre passeport !<br \/>\n<\/em><\/strong><a style=\"text-decoration: underline; text-decoration-color: #123f6d;\" href=\"https:\/\/musicandbeyond.ca\/passes\/\" target=\"_blank\" rel=\"noopener\"><strong><em>Click here to purchase your pass! | Cliquez ici pour acheter votre passeport !<\/em><\/strong><\/a><\/p>\n<p>&nbsp;<\/p>\n<p><strong><em>Brahms in America \u2013 Storytelling with live musicians<\/em><br \/>\n<\/strong><\/p>\n<p><em><strong>Brahms en Am\u00e9rique \u2013 R\u00e9cit racont\u00e9 avec musiciens en direct<\/strong><\/em><\/p>\n<p style=\"text-align: left;\"><strong style=\"color: #800000; font-family: -apple-system, BlinkMacSystemFont, 'Segoe UI', Roboto, 'Helvetica Neue', Arial, 'Noto Sans', sans-serif, 'Apple Color Emoji', 'Segoe UI Emoji', 'Segoe UI Symbol', 'Noto Color Emoji'; font-size: 16px;\">Tuesday, July 14, 2026 at 7:30 pm<\/strong><\/p>\n<p style=\"text-align: left;\"><strong style=\"color: #800000; font-family: -apple-system, BlinkMacSystemFont, 'Segoe UI', Roboto, 'Helvetica Neue', Arial, 'Noto Sans', sans-serif, 'Apple Color Emoji', 'Segoe UI Emoji', 'Segoe UI Symbol', 'Noto Color Emoji'; font-size: 16px;\">Le mardi 14 juillet 2026 \u00e0 19 h 30<\/strong><\/p>\n<p>&nbsp;<\/p>\n<p style=\"text-align: center;\"><strong>Artists | Artistes<\/strong><\/p>\n<p style=\"text-align: center;\"><span data-contrast=\"none\">Tom Allen \u2013 narration <\/span><span data-ccp-props=\"{}\">\u00a0<\/span><\/p>\n<p style=\"text-align: center;\"><span data-contrast=\"none\">Carson Becke \u2013 piano <\/span><\/p>\n<p style=\"text-align: center;\"><span data-ccp-props=\"{}\"> Lori Gemmell \u2013 harp | harpe<\/span><\/p>\n<p style=\"text-align: center;\">Trish O&rsquo;Callaghan \u2013 voice | voix<\/p>\n<p>&nbsp;<\/p>\n<p style=\"text-align: center;\"><strong><span class=\"TextRun SCXW135051659 BCX4\" lang=\"EN-US\" xml:lang=\"EN-US\" data-contrast=\"auto\"><span class=\"NormalTextRun SCXW135051659 BCX4\">Artist Description of Event<\/span> <\/span><\/strong><span class=\"EOP SCXW135051659 BCX4\" data-ccp-props=\"{}\">\u00a0<\/span><\/p>\n<p style=\"text-align: center;\"><span data-contrast=\"none\">\u201cIt is an exploration of the life Brahms might have led if the impresario who heard 9-year-old Brahms play in Hamburg had succeeded in bringing him to the USA as a travelling child virtuoso. This nearly happened. His parents were all in, but his devoted piano teacher lobbied against the idea, and eventually reason prevailed. My show will be a telling, with musical illustrations, of both the life of the actual Johannes Brahms and that of his could-have-been American counterpart, Johnny Brahma, the spectacular touring soloist.\u201d<\/span><span data-ccp-props=\"{&quot;335551550&quot;:2,&quot;335551620&quot;:2,&quot;335559685&quot;:0}\">\u00a0<\/span><\/p>\n<p style=\"text-align: center;\"><span data-contrast=\"none\">\u2013 Tom Allen<\/span><span data-ccp-props=\"{&quot;134233117&quot;:false,&quot;134233118&quot;:false,&quot;335559738&quot;:240,&quot;335559739&quot;:240}\">\u00a0<\/span><\/p>\n<p>&nbsp;<\/p>\n<p style=\"text-align: center;\"><strong><span class=\"TextRun SCXW82769561 BCX4\" lang=\"EN-US\" xml:lang=\"EN-US\" data-contrast=\"auto\"><span class=\"NormalTextRun SCXW82769561 BCX4\">Description <\/span><span class=\"NormalTextRun SpellingErrorV2Themed SpellingErrorHighlight SCXW82769561 BCX4\">artistique<\/span><span class=\"NormalTextRun SCXW82769561 BCX4\"> de <\/span><span class=\"NormalTextRun SpellingErrorV2Themed SCXW82769561 BCX4\">l\u2019\u00e9v\u00e9nement<\/span><\/span><span class=\"EOP SCXW82769561 BCX4\" data-ccp-props=\"{}\">\u00a0<\/span><\/strong><\/p>\n<p style=\"text-align: center;\" data-start=\"37\" data-end=\"629\">\u00ab Il s\u2019agit d\u2019une exploration de la vie que Brahms aurait pu mener si l\u2019impresario qui l\u2019entendit jouer \u00e0 Hambourg \u00e0 l\u2019\u00e2ge de neuf ans avait r\u00e9ussi \u00e0 l\u2019emmener aux \u00c9tats-Unis comme enfant prodige en tourn\u00e9e. Cela a failli se produire. Ses parents \u00e9taient tout \u00e0 fait d\u2019accord, mais son d\u00e9vou\u00e9 professeur de piano s\u2019opposa \u00e0 l\u2019id\u00e9e et, finalement, la raison l\u2019emporta. Mon spectacle sera un r\u00e9cit, accompagn\u00e9 d\u2019illustrations musicales, \u00e0 la fois de la vie du v\u00e9ritable Johannes Brahms et de celle de son alter ego am\u00e9ricain hypoth\u00e9tique, Johnny Brahma, le spectaculaire soliste en tourn\u00e9e. \u00bb<\/p>\n<p style=\"text-align: center;\" data-start=\"637\" data-end=\"646\" data-is-last-node=\"\"><span data-contrast=\"none\">\u2013 <\/span>Tom Allen<\/p>\n<p>&nbsp;<\/p>\n<p><strong>Church of St. Barnabas<\/strong><\/p>\n<p><em>Air conditioned! | Air climatis\u00e9!<\/em><em>\u00a0<\/em><\/p>\n","protected":false},"excerpt":{"rendered":"<p>This event is included with your pass! | Cet \u00e9v\u00e9nement est inclus dans votre passeport ! Click here to purchase your pass! | Cliquez ici pour acheter votre passeport ! [&hellip;]<\/p>\n","protected":false},"author":5,"featured_media":22222,"template":"","meta":{"_acf_changed":false,"_price":"","_stock":"","_tribe_ticket_header":"","_tribe_default_ticket_provider":"Tribe__Tickets_Plus__Commerce__WooCommerce__Main","_tribe_ticket_capacity":"0","_ticket_start_date":"","_ticket_end_date":"","_tribe_ticket_show_description":"","_tribe_ticket_show_not_going":false,"_tribe_ticket_use_global_stock":"","_tribe_ticket_global_stock_level":"","_global_stock_mode":"","_global_stock_cap":"","_tribe_rsvp_for_event":"","_tribe_ticket_going_count":"","_tribe_ticket_not_going_count":"","_tribe_tickets_list":"[{\"id\":21569,\"type\":\"default\",\"title\":\"Reserved Section | Section r\\u00e9serv\\u00e9e - Brahms\",\"description\":\"\",\"capacityType\":\"own\",\"price\":50,\"capacity\":30,\"available\":26,\"sharedCapacity\":30,\"sold\":2,\"shareSold\":2,\"isShared\":false,\"currencyDecimalPoint\":\".\",\"currencyNumberOfDecimals\":2,\"currencyPosition\":\"prefix\",\"currencySymbol\":\"$\",\"currencyThousandsSep\":\",\"},{\"id\":21570,\"type\":\"default\",\"title\":\"Family of 4 | Famille de 4 - Brahms\",\"description\":\"For families with at least 2 youth 25 and under. | Pour les familles comptant au moins deux jeunes \\u00e2g\\u00e9s de 25 ans ou moins.\",\"capacityType\":\"own\",\"price\":80,\"capacity\":5,\"available\":5,\"sharedCapacity\":5,\"sold\":0,\"shareSold\":0,\"isShared\":false,\"currencyDecimalPoint\":\".\",\"currencyNumberOfDecimals\":2,\"currencyPosition\":\"prefix\",\"currencySymbol\":\"$\",\"currencyThousandsSep\":\",\"},{\"id\":21571,\"type\":\"default\",\"title\":\"Family of 5 | Famille de 5 - Brahms\",\"description\":\"For families with least 3 youth 25 and under. | Pour les familles comptant au moins trois jeunes \\u00e2g\\u00e9s de 25 ans ou moins.\",\"capacityType\":\"own\",\"price\":100,\"capacity\":5,\"available\":5,\"sharedCapacity\":5,\"sold\":0,\"shareSold\":0,\"isShared\":false,\"currencyDecimalPoint\":\".\",\"currencyNumberOfDecimals\":2,\"currencyPosition\":\"prefix\",\"currencySymbol\":\"$\",\"currencyThousandsSep\":\",\"},{\"id\":21566,\"type\":\"default\",\"title\":\"General | G\\u00e9n\\u00e9rale - Brahms\",\"description\":\"\",\"capacityType\":\"own\",\"price\":30,\"capacity\":125,\"available\":117,\"sharedCapacity\":125,\"sold\":2,\"shareSold\":2,\"isShared\":false,\"currencyDecimalPoint\":\".\",\"currencyNumberOfDecimals\":2,\"currencyPosition\":\"prefix\",\"currencySymbol\":\"$\",\"currencyThousandsSep\":\",\"},{\"id\":21567,\"type\":\"default\",\"title\":\"Youth | Jeunes - Brahms\",\"description\":\"Age 25 and under | 25 ans et moins\",\"capacityType\":\"own\",\"price\":20,\"capacity\":20,\"available\":20,\"sharedCapacity\":20,\"sold\":0,\"shareSold\":0,\"isShared\":false,\"currencyDecimalPoint\":\".\",\"currencyNumberOfDecimals\":2,\"currencyPosition\":\"prefix\",\"currencySymbol\":\"$\",\"currencyThousandsSep\":\",\"},{\"id\":21568,\"type\":\"default\",\"title\":\"Reserved Section with Pass | Section r\\u00e9serv\\u00e9e avec passeport - Brahms\",\"description\":\"\",\"capacityType\":\"own\",\"price\":20,\"capacity\":20,\"available\":20,\"sharedCapacity\":20,\"sold\":0,\"shareSold\":0,\"isShared\":false,\"currencyDecimalPoint\":\".\",\"currencyNumberOfDecimals\":2,\"currencyPosition\":\"prefix\",\"currencySymbol\":\"$\",\"currencyThousandsSep\":\",\"}]","_tribe_ticket_has_attendee_info_fields":false,"_tribe_events_status":"","_tribe_events_status_reason":"","_tribe_events_is_hybrid":"","_tribe_events_is_virtual":"","_tribe_events_virtual_video_source":"","_tribe_events_virtual_embed_video":"","_tribe_events_virtual_linked_button_text":"","_tribe_events_virtual_linked_button":"","_tribe_events_virtual_show_embed_at":"","_tribe_events_virtual_show_embed_to":[],"_tribe_events_virtual_show_on_event":"","_tribe_events_virtual_show_on_views":"","_tribe_events_virtual_url":"","footnotes":"","_tec_slr_enabled":"","_tec_slr_layout":""},"tags":[],"tribe_events_cat":[83],"class_list":["post-21565","tribe_events","type-tribe_events","status-publish","has-post-thumbnail","hentry","tribe_events_cat-season-2026","cat_season-2026"],"acf":[],"yoast_head":"<!-- This site is optimized with the Yoast SEO plugin v27.2 - https:\/\/yoast.com\/product\/yoast-seo-wordpress\/ -->\n<title>Brahms in America \/ Brahms en Am\u00e9rique | Musique et Autres Mondes<\/title>\n<meta name=\"description\" content=\"Discover Brahms in America \/ Brahms en Am\u00e9rique at Music and Beyond. Join us for unique concerts and exclusive musical experiences.\" \/>\n<meta name=\"robots\" content=\"index, follow, max-snippet:-1, max-image-preview:large, max-video-preview:-1\" \/>\n<link rel=\"canonical\" href=\"https:\/\/musicandbeyond.ca\/fr\/event\/tome-allen\/\" \/>\n<meta property=\"og:locale\" content=\"fr_FR\" \/>\n<meta property=\"og:type\" content=\"article\" \/>\n<meta property=\"og:title\" content=\"Brahms in America \/ Brahms en Am\u00e9rique | Musique et Autres Mondes\" \/>\n<meta property=\"og:description\" content=\"Discover Brahms in America \/ Brahms en Am\u00e9rique at Music and Beyond. Join us for unique concerts and exclusive musical experiences.\" \/>\n<meta property=\"og:url\" content=\"https:\/\/musicandbeyond.ca\/fr\/event\/tome-allen\/\" \/>\n<meta property=\"og:site_name\" content=\"Musique et Autres Mondes\" \/>\n<meta property=\"article:publisher\" content=\"https:\/\/www.facebook.com\/musicandbeyond\" \/>\n<meta property=\"article:modified_time\" content=\"2026-03-13T06:22:01+00:00\" \/>\n<meta property=\"og:image\" content=\"https:\/\/musicandbeyond.ca\/wp-content\/uploads\/2026\/02\/the-Brahms-in-America.jpg\" \/>\n\t<meta property=\"og:image:width\" content=\"1100\" \/>\n\t<meta property=\"og:image:height\" content=\"800\" \/>\n\t<meta property=\"og:image:type\" content=\"image\/jpeg\" \/>\n<meta name=\"twitter:card\" content=\"summary_large_image\" \/>\n<meta name=\"twitter:site\" content=\"@musicbeyondott\" \/>\n<meta name=\"twitter:label1\" content=\"Dur\u00e9e de lecture estim\u00e9e\" \/>\n\t<meta name=\"twitter:data1\" content=\"2 minutes\" \/>\n<script type=\"application\/ld+json\" class=\"yoast-schema-graph\">{\"@context\":\"https:\/\/schema.org\",\"@graph\":[{\"@type\":\"WebPage\",\"@id\":\"https:\/\/musicandbeyond.ca\/fr\/event\/tome-allen\/\",\"url\":\"https:\/\/musicandbeyond.ca\/fr\/event\/tome-allen\/\",\"name\":\"Brahms in America \/ Brahms en Am\u00e9rique | Musique et Autres Mondes\",\"isPartOf\":{\"@id\":\"https:\/\/musicandbeyond.ca\/fr\/#website\"},\"primaryImageOfPage\":{\"@id\":\"https:\/\/musicandbeyond.ca\/fr\/event\/tome-allen\/#primaryimage\"},\"image\":{\"@id\":\"https:\/\/musicandbeyond.ca\/fr\/event\/tome-allen\/#primaryimage\"},\"thumbnailUrl\":\"https:\/\/musicandbeyond.ca\/wp-content\/uploads\/2026\/02\/the-Brahms-in-America.jpg\",\"datePublished\":\"2026-02-13T11:15:30+00:00\",\"dateModified\":\"2026-03-13T06:22:01+00:00\",\"description\":\"Discover Brahms in America \/ Brahms en Am\u00e9rique at Music and Beyond. Join us for unique concerts and exclusive musical experiences.\",\"breadcrumb\":{\"@id\":\"https:\/\/musicandbeyond.ca\/fr\/event\/tome-allen\/#breadcrumb\"},\"inLanguage\":\"fr-FR\",\"potentialAction\":[{\"@type\":\"ReadAction\",\"target\":[\"https:\/\/musicandbeyond.ca\/fr\/event\/tome-allen\/\"]}]},{\"@type\":\"ImageObject\",\"inLanguage\":\"fr-FR\",\"@id\":\"https:\/\/musicandbeyond.ca\/fr\/event\/tome-allen\/#primaryimage\",\"url\":\"https:\/\/musicandbeyond.ca\/wp-content\/uploads\/2026\/02\/the-Brahms-in-America.jpg\",\"contentUrl\":\"https:\/\/musicandbeyond.ca\/wp-content\/uploads\/2026\/02\/the-Brahms-in-America.jpg\",\"width\":1100,\"height\":800},{\"@type\":\"BreadcrumbList\",\"@id\":\"https:\/\/musicandbeyond.ca\/fr\/event\/tome-allen\/#breadcrumb\",\"itemListElement\":[{\"@type\":\"ListItem\",\"position\":1,\"name\":\"Home\",\"item\":\"https:\/\/musicandbeyond.ca\/fr\/\"},{\"@type\":\"ListItem\",\"position\":2,\"name\":\"\u00c9v\u00e8nements\",\"item\":\"https:\/\/musicandbeyond.ca\/fr\/events-2025\/\"},{\"@type\":\"ListItem\",\"position\":3,\"name\":\"Brahms in America \/ Brahms en Am\u00e9rique\"}]},{\"@type\":\"WebSite\",\"@id\":\"https:\/\/musicandbeyond.ca\/fr\/#website\",\"url\":\"https:\/\/musicandbeyond.ca\/fr\/\",\"name\":\"Music and Beyond\",\"description\":\"4-17 juillet\",\"publisher\":{\"@id\":\"https:\/\/musicandbeyond.ca\/fr\/#organization\"},\"alternateName\":\"M&B\",\"potentialAction\":[{\"@type\":\"SearchAction\",\"target\":{\"@type\":\"EntryPoint\",\"urlTemplate\":\"https:\/\/musicandbeyond.ca\/fr\/?s={search_term_string}\"},\"query-input\":{\"@type\":\"PropertyValueSpecification\",\"valueRequired\":true,\"valueName\":\"search_term_string\"}}],\"inLanguage\":\"fr-FR\"},{\"@type\":\"Organization\",\"@id\":\"https:\/\/musicandbeyond.ca\/fr\/#organization\",\"name\":\"Music and beyond | Musique et Autres Mondes\",\"url\":\"https:\/\/musicandbeyond.ca\/fr\/\",\"logo\":{\"@type\":\"ImageObject\",\"inLanguage\":\"fr-FR\",\"@id\":\"https:\/\/musicandbeyond.ca\/fr\/#\/schema\/logo\/image\/\",\"url\":\"\",\"contentUrl\":\"\",\"caption\":\"Music and beyond | Musique et Autres Mondes\"},\"image\":{\"@id\":\"https:\/\/musicandbeyond.ca\/fr\/#\/schema\/logo\/image\/\"},\"sameAs\":[\"https:\/\/www.facebook.com\/musicandbeyond\",\"https:\/\/x.com\/musicbeyondott\",\"https:\/\/www.instagram.com\/musicbeyondott\/\",\"https:\/\/www.youtube.com\/user\/musicandbeyondvideo\"]}]}<\/script>\n<!-- \/ Yoast SEO plugin. -->","yoast_head_json":{"title":"Brahms in America \/ Brahms en Am\u00e9rique | Musique et Autres Mondes","description":"Discover Brahms in America \/ Brahms en Am\u00e9rique at Music and Beyond. Join us for unique concerts and exclusive musical experiences.","robots":{"index":"index","follow":"follow","max-snippet":"max-snippet:-1","max-image-preview":"max-image-preview:large","max-video-preview":"max-video-preview:-1"},"canonical":"https:\/\/musicandbeyond.ca\/fr\/event\/tome-allen\/","og_locale":"fr_FR","og_type":"article","og_title":"Brahms in America \/ Brahms en Am\u00e9rique | Musique et Autres Mondes","og_description":"Discover Brahms in America \/ Brahms en Am\u00e9rique at Music and Beyond. Join us for unique concerts and exclusive musical experiences.","og_url":"https:\/\/musicandbeyond.ca\/fr\/event\/tome-allen\/","og_site_name":"Musique et Autres Mondes","article_publisher":"https:\/\/www.facebook.com\/musicandbeyond","article_modified_time":"2026-03-13T06:22:01+00:00","og_image":[{"width":1100,"height":800,"url":"https:\/\/musicandbeyond.ca\/wp-content\/uploads\/2026\/02\/the-Brahms-in-America.jpg","type":"image\/jpeg"}],"twitter_card":"summary_large_image","twitter_site":"@musicbeyondott","twitter_misc":{"Dur\u00e9e de lecture estim\u00e9e":"2 minutes"},"schema":{"@context":"https:\/\/schema.org","@graph":[{"@type":"WebPage","@id":"https:\/\/musicandbeyond.ca\/fr\/event\/tome-allen\/","url":"https:\/\/musicandbeyond.ca\/fr\/event\/tome-allen\/","name":"Brahms in America \/ Brahms en Am\u00e9rique | Musique et Autres Mondes","isPartOf":{"@id":"https:\/\/musicandbeyond.ca\/fr\/#website"},"primaryImageOfPage":{"@id":"https:\/\/musicandbeyond.ca\/fr\/event\/tome-allen\/#primaryimage"},"image":{"@id":"https:\/\/musicandbeyond.ca\/fr\/event\/tome-allen\/#primaryimage"},"thumbnailUrl":"https:\/\/musicandbeyond.ca\/wp-content\/uploads\/2026\/02\/the-Brahms-in-America.jpg","datePublished":"2026-02-13T11:15:30+00:00","dateModified":"2026-03-13T06:22:01+00:00","description":"Discover Brahms in America \/ Brahms en Am\u00e9rique at Music and Beyond. Join us for unique concerts and exclusive musical experiences.","breadcrumb":{"@id":"https:\/\/musicandbeyond.ca\/fr\/event\/tome-allen\/#breadcrumb"},"inLanguage":"fr-FR","potentialAction":[{"@type":"ReadAction","target":["https:\/\/musicandbeyond.ca\/fr\/event\/tome-allen\/"]}]},{"@type":"ImageObject","inLanguage":"fr-FR","@id":"https:\/\/musicandbeyond.ca\/fr\/event\/tome-allen\/#primaryimage","url":"https:\/\/musicandbeyond.ca\/wp-content\/uploads\/2026\/02\/the-Brahms-in-America.jpg","contentUrl":"https:\/\/musicandbeyond.ca\/wp-content\/uploads\/2026\/02\/the-Brahms-in-America.jpg","width":1100,"height":800},{"@type":"BreadcrumbList","@id":"https:\/\/musicandbeyond.ca\/fr\/event\/tome-allen\/#breadcrumb","itemListElement":[{"@type":"ListItem","position":1,"name":"Home","item":"https:\/\/musicandbeyond.ca\/fr\/"},{"@type":"ListItem","position":2,"name":"\u00c9v\u00e8nements","item":"https:\/\/musicandbeyond.ca\/fr\/events-2025\/"},{"@type":"ListItem","position":3,"name":"Brahms in America \/ Brahms en Am\u00e9rique"}]},{"@type":"WebSite","@id":"https:\/\/musicandbeyond.ca\/fr\/#website","url":"https:\/\/musicandbeyond.ca\/fr\/","name":"Music and Beyond","description":"4-17 juillet","publisher":{"@id":"https:\/\/musicandbeyond.ca\/fr\/#organization"},"alternateName":"M&B","potentialAction":[{"@type":"SearchAction","target":{"@type":"EntryPoint","urlTemplate":"https:\/\/musicandbeyond.ca\/fr\/?s={search_term_string}"},"query-input":{"@type":"PropertyValueSpecification","valueRequired":true,"valueName":"search_term_string"}}],"inLanguage":"fr-FR"},{"@type":"Organization","@id":"https:\/\/musicandbeyond.ca\/fr\/#organization","name":"Music and beyond | Musique et Autres Mondes","url":"https:\/\/musicandbeyond.ca\/fr\/","logo":{"@type":"ImageObject","inLanguage":"fr-FR","@id":"https:\/\/musicandbeyond.ca\/fr\/#\/schema\/logo\/image\/","url":"","contentUrl":"","caption":"Music and beyond | Musique et Autres Mondes"},"image":{"@id":"https:\/\/musicandbeyond.ca\/fr\/#\/schema\/logo\/image\/"},"sameAs":["https:\/\/www.facebook.com\/musicandbeyond","https:\/\/x.com\/musicbeyondott","https:\/\/www.instagram.com\/musicbeyondott\/","https:\/\/www.youtube.com\/user\/musicandbeyondvideo"]}]}},"ticketed":["woo"],"_links":{"self":[{"href":"https:\/\/musicandbeyond.ca\/fr\/wp-json\/wp\/v2\/tribe_events\/21565","targetHints":{"allow":["GET"]}}],"collection":[{"href":"https:\/\/musicandbeyond.ca\/fr\/wp-json\/wp\/v2\/tribe_events"}],"about":[{"href":"https:\/\/musicandbeyond.ca\/fr\/wp-json\/wp\/v2\/types\/tribe_events"}],"author":[{"embeddable":true,"href":"https:\/\/musicandbeyond.ca\/fr\/wp-json\/wp\/v2\/users\/5"}],"version-history":[{"count":26,"href":"https:\/\/musicandbeyond.ca\/fr\/wp-json\/wp\/v2\/tribe_events\/21565\/revisions"}],"predecessor-version":[{"id":22026,"href":"https:\/\/musicandbeyond.ca\/fr\/wp-json\/wp\/v2\/tribe_events\/21565\/revisions\/22026"}],"wp:featuredmedia":[{"embeddable":true,"href":"https:\/\/musicandbeyond.ca\/fr\/wp-json\/wp\/v2\/media\/22222"}],"wp:attachment":[{"href":"https:\/\/musicandbeyond.ca\/fr\/wp-json\/wp\/v2\/media?parent=21565"}],"wp:term":[{"taxonomy":"post_tag","embeddable":true,"href":"https:\/\/musicandbeyond.ca\/fr\/wp-json\/wp\/v2\/tags?post=21565"},{"taxonomy":"tribe_events_cat","embeddable":true,"href":"https:\/\/musicandbeyond.ca\/fr\/wp-json\/wp\/v2\/tribe_events_cat?post=21565"}],"curies":[{"name":"wp","href":"https:\/\/api.w.org\/{rel}","templated":true}]}}